{"id":1027,"date":"2026-04-08T20:14:56","date_gmt":"2026-04-08T18:14:56","guid":{"rendered":"https:\/\/www.bufetecontestigarau.com\/avis-legal\/"},"modified":"2026-04-09T17:05:02","modified_gmt":"2026-04-09T15:05:02","slug":"avis-legal","status":"publish","type":"page","link":"https:\/\/www.bufetecontestigarau.com\/ca\/avis-legal\/","title":{"rendered":"Av\u00eds Legal"},"content":{"rendered":"\t\t<div data-elementor-type=\"wp-page\" data-elementor-id=\"1027\" class=\"elementor elementor-1027 elementor-992\" data-elementor-post-type=\"page\">\n\t\t\t\t<div class=\"elementor-element elementor-element-242e25a e-flex e-con-boxed e-con e-parent\" data-id=\"242e25a\" data-element_type=\"container\" data-e-type=\"container\">\n\t\t\t\t\t<div class=\"e-con-inner\">\n\t\t<div class=\"elementor-element elementor-element-698314a e-con-full e-flex e-con e-child\" data-id=\"698314a\" data-element_type=\"container\" data-e-type=\"container\">\n\t\t<div class=\"elementor-element elementor-element-c2354b0 e-con-full e-flex e-con e-child\" data-id=\"c2354b0\" data-element_type=\"container\" data-e-type=\"container\">\n\t\t\t\t<div class=\"elementor-element elementor-element-082e88a elementor-widget elementor-widget-heading\" data-id=\"082e88a\" data-element_type=\"widget\" data-e-type=\"widget\" data-widget_type=\"heading.default\">\n\t\t\t\t\t<h1 class=\"elementor-heading-title elementor-size-default\">Av\u00eds Legal<\/h1>\t\t\t\t<\/div>\n\t\t\t\t<\/div>\n\t\t<div class=\"elementor-element elementor-element-3d40f5f e-con-full e-flex e-con e-child\" data-id=\"3d40f5f\" data-element_type=\"container\" data-e-type=\"container\">\n\t\t\t\t<div class=\"elementor-element elementor-element-a938711 elementor-widget elementor-widget-image\" data-id=\"a938711\" data-element_type=\"widget\" data-e-type=\"widget\" data-widget_type=\"image.default\">\n\t\t\t\t\t\t\t\t\t\t\t\t\t\t\t<img decoding=\"async\" width=\"90\" height=\"59\" src=\"https:\/\/www.bufetecontestigarau.com\/wp-content\/uploads\/2026\/03\/Recurso-3.png\" class=\"attachment-large size-large wp-image-851\" alt=\"\" \/>\t\t\t\t\t\t\t\t\t\t\t\t\t\t\t<\/div>\n\t\t\t\t<\/div>\n\t\t\t\t<\/div>\n\t\t\t\t\t<\/div>\n\t\t\t\t<\/div>\n\t\t<div class=\"elementor-element elementor-element-5b99c9f4 e-flex e-con-boxed e-con e-parent\" data-id=\"5b99c9f4\" data-element_type=\"container\" data-e-type=\"container\">\n\t\t\t\t\t<div class=\"e-con-inner\">\n\t\t\t\t<div class=\"elementor-element elementor-element-5ff940ce elementor-widget elementor-widget-text-editor\" data-id=\"5ff940ce\" data-element_type=\"widget\" data-e-type=\"widget\" data-widget_type=\"text-editor.default\">\n\t\t\t\t\t\t\t\t\t<p><b>Identificaci\u00f3 del Titular<\/b><span style=\"font-weight: 400;\"> En compliment de l&#8217;article 10 de la Llei 34\/2002, d&#8217;11 de juliol, de Serveis de la Societat de la Informaci\u00f3 i Comer\u00e7 Electr\u00f2nic, s&#8217;exposen les dades identificatives del titular:<\/span><\/p><ul><li style=\"font-weight: 400;\" aria-level=\"1\"><b>Titulars:<\/b><span style=\"font-weight: 400;\"> Joan Contest\u00ed Segu\u00ed i Pedro Garau Fortuny.<\/span><\/li><li style=\"font-weight: 400;\" aria-level=\"1\"><b>Nom Comercial: <\/b><span style=\"font-weight: 400;\"> BUFETE CONTEST\u00cd &amp; GARAU.<\/span><\/li><li style=\"font-weight: 400;\" aria-level=\"1\"><b>CIF:<\/b><span style=\"font-weight: 400;\"> B57769168<\/span><\/li><li style=\"font-weight: 400;\" aria-level=\"1\"><b>Domicili Professional:<\/b><span style=\"font-weight: 400;\"> Via Roma n\u00fam. 5, principal primera, 07012, Palma de Mallorca<\/span><\/li><li style=\"font-weight: 400;\" aria-level=\"1\"><b>Correu electr\u00f2nic:<\/b><span style=\"font-weight: 400;\"> info@bufetecontestigarau.com<\/span><\/li><li style=\"font-weight: 400;\" aria-level=\"1\"><b>Tel\u00e8fon:<\/b><span style=\"font-weight: 400;\"> 971417104<\/span><\/li><\/ul><p><b>Propietat Intel\u00b7lectual i Normes Professionals<\/b><span style=\"font-weight: 400;\"> Els continguts d&#8217;aquesta web (textos, imatges, disseny gr\u00e0fic i codi font) s\u00f3n propietat dels titulars o de tercers amb autoritzaci\u00f3. Com a advocats en exercici, l&#8217;activitat professional es regeix per les normes deontol\u00f2giques de l&#8217;Advocacia Espanyola i l&#8217;Il\u00b7lustre Col\u00b7legi d&#8217;Advocats de les Illes Balears (ICAIB).<\/span><\/p>\t\t\t\t\t\t\t\t<\/div>\n\t\t\t\t\t<\/div>\n\t\t\t\t<\/div>\n\t\t\t\t<\/div>\n\t\t","protected":false},"excerpt":{"rendered":"<p>Av\u00eds Legal Identificaci\u00f3 del Titular En compliment de l&#8217;article 10 de la Llei 34\/2002, d&#8217;11 de juliol, de Serveis de la Societat de la Informaci\u00f3 i Comer\u00e7 Electr\u00f2nic, s&#8217;exposen les dades identificatives del titular: Titulars: Joan Contest\u00ed Segu\u00ed i Pedro Garau Fortuny. Nom Comercial: BUFETE CONTEST\u00cd &amp; GARAU. CIF: B57769168 Domicili Professional: Via Roma n\u00fam. [&hellip;]<\/p>\n","protected":false},"author":1,"featured_media":0,"parent":0,"menu_order":0,"comment_status":"closed","ping_status":"closed","template":"","meta":{"_acf_changed":false,"footnotes":""},"class_list":["post-1027","page","type-page","status-publish","hentry"],"acf":[],"_links":{"self":[{"href":"https:\/\/www.bufetecontestigarau.com\/ca\/wp-json\/wp\/v2\/pages\/1027","targetHints":{"allow":["GET"]}}],"collection":[{"href":"https:\/\/www.bufetecontestigarau.com\/ca\/wp-json\/wp\/v2\/pages"}],"about":[{"href":"https:\/\/www.bufetecontestigarau.com\/ca\/wp-json\/wp\/v2\/types\/page"}],"author":[{"embeddable":true,"href":"https:\/\/www.bufetecontestigarau.com\/ca\/wp-json\/wp\/v2\/users\/1"}],"replies":[{"embeddable":true,"href":"https:\/\/www.bufetecontestigarau.com\/ca\/wp-json\/wp\/v2\/comments?post=1027"}],"version-history":[{"count":2,"href":"https:\/\/www.bufetecontestigarau.com\/ca\/wp-json\/wp\/v2\/pages\/1027\/revisions"}],"predecessor-version":[{"id":1060,"href":"https:\/\/www.bufetecontestigarau.com\/ca\/wp-json\/wp\/v2\/pages\/1027\/revisions\/1060"}],"wp:attachment":[{"href":"https:\/\/www.bufetecontestigarau.com\/ca\/wp-json\/wp\/v2\/media?parent=1027"}],"curies":[{"name":"wp","href":"https:\/\/api.w.org\/{rel}","templated":true}]}}