{"id":1036,"date":"2026-04-08T20:18:23","date_gmt":"2026-04-08T18:18:23","guid":{"rendered":"https:\/\/www.bufetecontestigarau.com\/politica-de-privadesa\/"},"modified":"2026-04-09T17:05:17","modified_gmt":"2026-04-09T15:05:17","slug":"politica-de-privadesa","status":"publish","type":"page","link":"https:\/\/www.bufetecontestigarau.com\/ca\/politica-de-privadesa\/","title":{"rendered":"Pol\u00edtica de Privadesa"},"content":{"rendered":"\t\t<div data-elementor-type=\"wp-page\" data-elementor-id=\"1036\" class=\"elementor elementor-1036 elementor-993\" data-elementor-post-type=\"page\">\n\t\t\t\t<div class=\"elementor-element elementor-element-ce776c9 e-flex e-con-boxed e-con e-parent\" data-id=\"ce776c9\" data-element_type=\"container\" data-e-type=\"container\">\n\t\t\t\t\t<div class=\"e-con-inner\">\n\t\t<div class=\"elementor-element elementor-element-0b02b2d e-con-full e-flex e-con e-child\" data-id=\"0b02b2d\" data-element_type=\"container\" data-e-type=\"container\">\n\t\t<div class=\"elementor-element elementor-element-461ca5d e-con-full e-flex e-con e-child\" data-id=\"461ca5d\" data-element_type=\"container\" data-e-type=\"container\">\n\t\t\t\t<div class=\"elementor-element elementor-element-46a90c0 elementor-widget elementor-widget-heading\" data-id=\"46a90c0\" data-element_type=\"widget\" data-e-type=\"widget\" data-widget_type=\"heading.default\">\n\t\t\t\t\t<h1 class=\"elementor-heading-title elementor-size-default\">Pol\u00edtica de Privadesa<\/h1>\t\t\t\t<\/div>\n\t\t\t\t<\/div>\n\t\t<div class=\"elementor-element elementor-element-6971c14 e-con-full e-flex e-con e-child\" data-id=\"6971c14\" data-element_type=\"container\" data-e-type=\"container\">\n\t\t\t\t<div class=\"elementor-element elementor-element-b4646ce elementor-widget elementor-widget-image\" data-id=\"b4646ce\" data-element_type=\"widget\" data-e-type=\"widget\" data-widget_type=\"image.default\">\n\t\t\t\t\t\t\t\t\t\t\t\t\t\t\t<img decoding=\"async\" width=\"90\" height=\"59\" src=\"https:\/\/www.bufetecontestigarau.com\/wp-content\/uploads\/2026\/03\/Recurso-3.png\" class=\"attachment-large size-large wp-image-851\" alt=\"\" \/>\t\t\t\t\t\t\t\t\t\t\t\t\t\t\t<\/div>\n\t\t\t\t<\/div>\n\t\t\t\t<\/div>\n\t\t\t\t\t<\/div>\n\t\t\t\t<\/div>\n\t\t<div class=\"elementor-element elementor-element-36150200 e-flex e-con-boxed e-con e-parent\" data-id=\"36150200\" data-element_type=\"container\" data-e-type=\"container\">\n\t\t\t\t\t<div class=\"e-con-inner\">\n\t\t\t\t<div class=\"elementor-element elementor-element-711196b6 elementor-widget elementor-widget-text-editor\" data-id=\"711196b6\" data-element_type=\"widget\" data-e-type=\"widget\" data-widget_type=\"text-editor.default\">\n\t\t\t\t\t\t\t\t\t<p><b>Responsable del tractament<\/b><span style=\"font-weight: 400;\"> Les dades facilitades a trav\u00e9s del formulari de contacte seran tractades per<\/span><b>:<\/b><span style=\"font-weight: 400;\"> BUFETE CONTEST\u00cd &amp; GARAU, amb la finalitat exclusiva d\u2019atendre la vostra consulta i prestar l\u2019assessorament jur\u00eddic sol\u00b7licitat.<\/span><\/p><p><b>Base jur\u00eddica i conservaci\u00f3<\/b><span style=\"font-weight: 400;\"> La base legal per al tractament \u00e9s el <\/span><b>consentiment de l\u2019usuari<\/b><span style=\"font-weight: 400;\"> en enviar el formulari. Les dades es conservaran durant el temps necessari per complir amb la finalitat per a la qual es van recollir i per determinar les possibles responsabilitats que se\u2019n poguessin derivar d\u2019aquesta finalitat i del tractament de les dades. <\/span> <\/p><p><b>Drets de l\u2019usuari<\/b><span style=\"font-weight: 400;\"> Vost\u00e8 t\u00e9 dret a: <\/span> <\/p><ul><li style=\"font-weight: 400;\" aria-level=\"1\"><span style=\"font-weight: 400;\">Accedir a les vostres dades personals.<\/span><\/li><li style=\"font-weight: 400;\" aria-level=\"1\"><span style=\"font-weight: 400;\">Sol\u00b7licitar la rectificaci\u00f3 de dades inexactes.<\/span><\/li><li style=\"font-weight: 400;\" aria-level=\"1\"><span style=\"font-weight: 400;\">Sol\u00b7licitar-ne la supressi\u00f3 quan ja no siguin necess\u00e0ries.<\/span><\/li><li style=\"font-weight: 400;\" aria-level=\"1\"><span style=\"font-weight: 400;\">Oposar-se al tractament o limitar-lo.<\/span><\/li><\/ul><p><span style=\"font-weight: 400;\">Per exercir aquests drets, podeu enviar una comunicaci\u00f3 per escrit al correu electr\u00f2nic info@bufetecontestigarau.com, adjuntant una c\u00f2pia del vostre DNI o document equivalent. Si considereu que els vostres drets no han estat degudament atesos, teniu dret a presentar una reclamaci\u00f3 davant l\u2019Ag\u00e8ncia Espanyola de Protecci\u00f3 de Dades (AEPD).<\/span><\/p>\t\t\t\t\t\t\t\t<\/div>\n\t\t\t\t\t<\/div>\n\t\t\t\t<\/div>\n\t\t\t\t<\/div>\n\t\t","protected":false},"excerpt":{"rendered":"<p>Pol\u00edtica de Privadesa Responsable del tractament Les dades facilitades a trav\u00e9s del formulari de contacte seran tractades per: BUFETE CONTEST\u00cd &amp; GARAU, amb la finalitat exclusiva d\u2019atendre la vostra consulta i prestar l\u2019assessorament jur\u00eddic sol\u00b7licitat. Base jur\u00eddica i conservaci\u00f3 La base legal per al tractament \u00e9s el consentiment de l\u2019usuari en enviar el formulari. Les [&hellip;]<\/p>\n","protected":false},"author":1,"featured_media":0,"parent":0,"menu_order":0,"comment_status":"closed","ping_status":"closed","template":"","meta":{"_acf_changed":false,"footnotes":""},"class_list":["post-1036","page","type-page","status-publish","hentry"],"acf":[],"_links":{"self":[{"href":"https:\/\/www.bufetecontestigarau.com\/ca\/wp-json\/wp\/v2\/pages\/1036","targetHints":{"allow":["GET"]}}],"collection":[{"href":"https:\/\/www.bufetecontestigarau.com\/ca\/wp-json\/wp\/v2\/pages"}],"about":[{"href":"https:\/\/www.bufetecontestigarau.com\/ca\/wp-json\/wp\/v2\/types\/page"}],"author":[{"embeddable":true,"href":"https:\/\/www.bufetecontestigarau.com\/ca\/wp-json\/wp\/v2\/users\/1"}],"replies":[{"embeddable":true,"href":"https:\/\/www.bufetecontestigarau.com\/ca\/wp-json\/wp\/v2\/comments?post=1036"}],"version-history":[{"count":2,"href":"https:\/\/www.bufetecontestigarau.com\/ca\/wp-json\/wp\/v2\/pages\/1036\/revisions"}],"predecessor-version":[{"id":1063,"href":"https:\/\/www.bufetecontestigarau.com\/ca\/wp-json\/wp\/v2\/pages\/1036\/revisions\/1063"}],"wp:attachment":[{"href":"https:\/\/www.bufetecontestigarau.com\/ca\/wp-json\/wp\/v2\/media?parent=1036"}],"curies":[{"name":"wp","href":"https:\/\/api.w.org\/{rel}","templated":true}]}}