{"id":831,"date":"2026-03-09T19:33:05","date_gmt":"2026-03-09T18:33:05","guid":{"rendered":"https:\/\/www.bufetecontestigarau.com\/serveis\/"},"modified":"2026-04-08T17:34:31","modified_gmt":"2026-04-08T15:34:31","slug":"serveis","status":"publish","type":"page","link":"https:\/\/www.bufetecontestigarau.com\/ca\/serveis\/","title":{"rendered":"Serveis"},"content":{"rendered":"\t\t<div data-elementor-type=\"wp-page\" data-elementor-id=\"831\" class=\"elementor elementor-831 elementor-195\" data-elementor-post-type=\"page\">\n\t\t\t\t<div class=\"elementor-element elementor-element-957ee7c e-con-full cg-hero-section e-flex e-con e-parent\" data-id=\"957ee7c\" data-element_type=\"container\" data-e-type=\"container\" data-settings=\"{&quot;background_background&quot;:&quot;slideshow&quot;,&quot;background_slideshow_transition_duration&quot;:800,&quot;background_slideshow_ken_burns&quot;:&quot;yes&quot;,&quot;background_slideshow_gallery&quot;:[{&quot;id&quot;:156,&quot;url&quot;:&quot;https:\\\/\\\/www.bufetecontestigarau.com\\\/wp-content\\\/uploads\\\/2026\\\/03\\\/bufete-contesti-garau-22-scaled.webp&quot;}],&quot;background_slideshow_loop&quot;:&quot;yes&quot;,&quot;background_slideshow_slide_duration&quot;:5000,&quot;background_slideshow_slide_transition&quot;:&quot;fade&quot;,&quot;background_slideshow_ken_burns_zoom_direction&quot;:&quot;in&quot;}\">\n\t\t\t\t<div class=\"elementor-element elementor-element-6865f78 elementor-widget__width-initial elementor-widget elementor-widget-image\" data-id=\"6865f78\" data-element_type=\"widget\" data-e-type=\"widget\" data-widget_type=\"image.default\">\n\t\t\t\t\t\t\t\t\t\t\t\t\t\t\t<img fetchpriority=\"high\" decoding=\"async\" width=\"661\" height=\"377\" src=\"https:\/\/www.bufetecontestigarau.com\/wp-content\/uploads\/2026\/03\/CG-logo-abogados.png\" class=\"attachment-large size-large wp-image-846\" alt=\"\" srcset=\"https:\/\/www.bufetecontestigarau.com\/wp-content\/uploads\/2026\/03\/CG-logo-abogados.png 661w, https:\/\/www.bufetecontestigarau.com\/wp-content\/uploads\/2026\/03\/CG-logo-abogados-300x171.png 300w\" sizes=\"(max-width: 661px) 100vw, 661px\" \/>\t\t\t\t\t\t\t\t\t\t\t\t\t\t\t<\/div>\n\t\t\t\t<\/div>\n\t\t<div class=\"elementor-element elementor-element-215e4cb e-flex e-con-boxed e-con e-parent\" data-id=\"215e4cb\" data-element_type=\"container\" data-e-type=\"container\">\n\t\t\t\t\t<div class=\"e-con-inner\">\n\t\t<div class=\"elementor-element elementor-element-ec51e8d e-flex e-con-boxed e-con e-child\" data-id=\"ec51e8d\" data-element_type=\"container\" data-e-type=\"container\">\n\t\t\t\t\t<div class=\"e-con-inner\">\n\t\t<div class=\"elementor-element elementor-element-86d3d49 e-con-full e-flex e-con e-child\" data-id=\"86d3d49\" data-element_type=\"container\" data-e-type=\"container\">\n\t\t\t\t<div class=\"elementor-element elementor-element-0598fce elementor-widget elementor-widget-heading\" data-id=\"0598fce\" data-element_type=\"widget\" data-e-type=\"widget\" data-widget_type=\"heading.default\">\n\t\t\t\t\t<h1 class=\"elementor-heading-title elementor-size-default\">Serveis<\/h1>\t\t\t\t<\/div>\n\t\t\t\t<\/div>\n\t\t<div class=\"elementor-element elementor-element-2cf3475 e-con-full e-flex e-con e-child\" data-id=\"2cf3475\" data-element_type=\"container\" data-e-type=\"container\">\n\t\t\t\t<div class=\"elementor-element elementor-element-45391cb elementor-widget elementor-widget-image\" data-id=\"45391cb\" data-element_type=\"widget\" data-e-type=\"widget\" data-widget_type=\"image.default\">\n\t\t\t\t\t\t\t\t\t\t\t\t\t\t\t<img decoding=\"async\" width=\"90\" height=\"59\" src=\"https:\/\/www.bufetecontestigarau.com\/wp-content\/uploads\/2026\/03\/Recurso-3.png\" class=\"attachment-large size-large wp-image-851\" alt=\"\" \/>\t\t\t\t\t\t\t\t\t\t\t\t\t\t\t<\/div>\n\t\t\t\t<\/div>\n\t\t\t\t\t<\/div>\n\t\t\t\t<\/div>\n\t\t\t\t\t<\/div>\n\t\t\t\t<\/div>\n\t\t<div class=\"elementor-element elementor-element-2825c0cb e-flex e-con-boxed e-con e-parent\" data-id=\"2825c0cb\" data-element_type=\"container\" data-e-type=\"container\">\n\t\t\t\t\t<div class=\"e-con-inner\">\n\t\t\t\t<div class=\"elementor-element elementor-element-53f1df3 elementor-widget elementor-widget-heading\" data-id=\"53f1df3\" data-element_type=\"widget\" data-e-type=\"widget\" data-widget_type=\"heading.default\">\n\t\t\t\t\t<p class=\"elementor-heading-title elementor-size-default\">Dret Civil<\/p>\t\t\t\t<\/div>\n\t\t\t\t<div class=\"elementor-element elementor-element-5d0252 elementor-widget elementor-widget-text-editor\" data-id=\"5d0252\" data-element_type=\"widget\" data-e-type=\"widget\" data-widget_type=\"text-editor.default\">\n\t\t\t\t\t\t\t\t\t<div class=\"derecho-civil-list\"><ul style=\"list-style: none; padding: 0; margin: 0;\"><li style=\"display: flex; align-items: flex-start; margin-bottom: 8px;\"><span style=\"color: #8b7d3c; margin-right: 10px; font-size: 18px; line-height: 1.4;\">\u25c6<\/span>Accions de responsabilitat civil contractual i extracontractual.<\/li><li style=\"display: flex; align-items: flex-start; margin-bottom: 8px;\"><span style=\"color: #8b7d3c; margin-right: 10px; font-size: 18px; line-height: 1.4;\">\u25c6<\/span>Reclamacions de quantitat i desnonaments.<\/li><li style=\"display: flex; align-items: flex-start; margin-bottom: 8px;\"><span style=\"color: #8b7d3c; margin-right: 10px; font-size: 18px; line-height: 1.4;\">\u25c6<\/span>Recuperacions i gesti\u00f3 de cobrament.<\/li><li style=\"display: flex; align-items: flex-start; margin-bottom: 8px;\"><span style=\"color: #8b7d3c; margin-right: 10px; font-size: 18px; line-height: 1.4;\">\u25c6<\/span>Validesa, interpretaci\u00f3, execuci\u00f3, resoluci\u00f3 i rescissi\u00f3 de contractes.<\/li><li style=\"display: flex; align-items: flex-start; margin-bottom: 8px;\"><span style=\"color: #8b7d3c; margin-right: 10px; font-size: 18px; line-height: 1.4;\">\u25c6<\/span>Dret immobiliari, promoci\u00f3 i construcci\u00f3.<\/li><li style=\"display: flex; align-items: flex-start; margin-bottom: 8px;\"><span style=\"color: #8b7d3c; margin-right: 10px; font-size: 18px; line-height: 1.4;\">\u25c6<\/span>Reclamacions de vicis de la construcci\u00f3.<\/li><li style=\"display: flex; align-items: flex-start; margin-bottom: 8px;\"><span style=\"color: #8b7d3c; margin-right: 10px; font-size: 18px; line-height: 1.4;\">\u25c6<\/span>Contractes civils i mercantils: compravenda, arrendament, trasp\u00e0s, comercials, d&#8217;ag\u00e8ncia, distribuci\u00f3, franqu\u00edcia.<\/li><li style=\"display: flex; align-items: flex-start; margin-bottom: 8px;\"><span style=\"color: #8b7d3c; margin-right: 10px; font-size: 18px; line-height: 1.4;\">\u25c6<\/span>Propietat horitzontal.<\/li><li style=\"display: flex; align-items: flex-start; margin-bottom: 8px;\"><span style=\"color: #8b7d3c; margin-right: 10px; font-size: 18px; line-height: 1.4;\">\u25c6<\/span>Drets reals i de garantia. Contractes de pr\u00e9stec amb garantia hipotec\u00e0ria. <\/li><li style=\"display: flex; align-items: flex-start; margin-bottom: 8px;\"><span style=\"color: #8b7d3c; margin-right: 10px; font-size: 18px; line-height: 1.4;\">\u25c6<\/span>Dret bancari (cl\u00e0usules s\u00f2l, preferents, SWAP, cl\u00e0usules abusives, etc.)<\/li><li style=\"display: flex; align-items: flex-start; margin-bottom: 8px;\"><span style=\"color: #8b7d3c; margin-right: 10px; font-size: 18px; line-height: 1.4;\">\u25c6<\/span>Protecci\u00f3 al consumidor.<\/li><li style=\"display: flex; align-items: flex-start; margin-bottom: 8px;\"><span style=\"color: #8b7d3c; margin-right: 10px; font-size: 18px; line-height: 1.4;\">\u25c6<\/span>Accions de la propietat intel\u00b7lectual i industrial.<\/li><li style=\"display: flex; align-items: flex-start; margin-bottom: 8px;\"><span style=\"color: #8b7d3c; margin-right: 10px; font-size: 18px; line-height: 1.4;\">\u25c6<\/span>Protecci\u00f3 a l&#8217;honor, intimitat i imatge.<\/li><li style=\"display: flex; align-items: flex-start; margin-bottom: 8px;\"><span style=\"color: #8b7d3c; margin-right: 10px; font-size: 18px; line-height: 1.4;\">\u25c6<\/span>Dret de fam\u00edlia (divorcis, separacions, incapacitats, aliments).<\/li><li style=\"display: flex; align-items: flex-start; margin-bottom: 8px;\"><span style=\"color: #8b7d3c; margin-right: 10px; font-size: 18px; line-height: 1.4;\">\u25c6<\/span>Testaments, acceptacions, ren\u00fancies d&#8217;her\u00e8ncia. Testament\u00e0ries. <\/li><\/ul><\/div>\t\t\t\t\t\t\t\t<\/div>\n\t\t\t\t<div class=\"elementor-element elementor-element-436fae4 elementor-widget elementor-widget-heading\" data-id=\"436fae4\" data-element_type=\"widget\" data-e-type=\"widget\" data-widget_type=\"heading.default\">\n\t\t\t\t\t<p class=\"elementor-heading-title elementor-size-default\">Dret Mercantil<\/p>\t\t\t\t<\/div>\n\t\t\t\t<div class=\"elementor-element elementor-element-363ad4d9 elementor-widget elementor-widget-text-editor\" data-id=\"363ad4d9\" data-element_type=\"widget\" data-e-type=\"widget\" data-widget_type=\"text-editor.default\">\n\t\t\t\t\t\t\t\t\t<ul style=\"list-style: none; padding: 0; margin: 0;\">\n  <li style=\"display: flex; align-items: flex-start; margin-bottom: 8px;\"><span style=\"color: #8B7D3C; margin-right: 10px; font-size: 18px; line-height: 1.4;\">\u25c6<\/span><span>Constituci\u00f3 de societats.<\/span><\/li>\n  <li style=\"display: flex; align-items: flex-start; margin-bottom: 8px;\"><span style=\"color: #8B7D3C; margin-right: 10px; font-size: 18px; line-height: 1.4;\">\u25c6<\/span><span>Reformes estatut\u00e0ries.<\/span><\/li>\n  <li style=\"display: flex; align-items: flex-start; margin-bottom: 8px;\"><span style=\"color: #8B7D3C; margin-right: 10px; font-size: 18px; line-height: 1.4;\">\u25c6<\/span><span>Ampliacions i reduccions de capital.<\/span><\/li>\n  <li style=\"display: flex; align-items: flex-start; margin-bottom: 8px;\"><span style=\"color: #8B7D3C; margin-right: 10px; font-size: 18px; line-height: 1.4;\">\u25c6<\/span><span>Liquidaci\u00f3 de societats.<\/span><\/li>\n  <li style=\"display: flex; align-items: flex-start; margin-bottom: 8px;\"><span style=\"color: #8B7D3C; margin-right: 10px; font-size: 18px; line-height: 1.4;\">\u25c6<\/span><span>Assessorament a \u00f2rgans de direcci\u00f3.<\/span><\/li>\n  <li style=\"display: flex; align-items: flex-start; margin-bottom: 8px;\"><span style=\"color: #8B7D3C; margin-right: 10px; font-size: 18px; line-height: 1.4;\">\u25c6<\/span><span>Impugnaci\u00f3 d&#8217;acords socials.<\/span><\/li>\n  <li style=\"display: flex; align-items: flex-start; margin-bottom: 8px;\"><span style=\"color: #8B7D3C; margin-right: 10px; font-size: 18px; line-height: 1.4;\">\u25c6<\/span><span>Responsabilitat d&#8217;administradors i consellers.<\/span><\/li>\n  <li style=\"display: flex; align-items: flex-start; margin-bottom: 8px;\"><span style=\"color: #8B7D3C; margin-right: 10px; font-size: 18px; line-height: 1.4;\">\u25c6<\/span><span>Compravenda de participacions\/accions.<\/span><\/li>\n  <li style=\"display: flex; align-items: flex-start; margin-bottom: 8px;\"><span style=\"color: #8B7D3C; margin-right: 10px; font-size: 18px; line-height: 1.4;\">\u25c6<\/span><span>Acords entre socis.<\/span><\/li>\n  <li style=\"display: flex; align-items: flex-start; margin-bottom: 8px;\"><span style=\"color: #8B7D3C; margin-right: 10px; font-size: 18px; line-height: 1.4;\">\u25c6<\/span><span>Dret concursal. Situacions pre i postconcursals. Negociaci\u00f3 de convenis.<\/span><\/li>\n  <li style=\"display: flex; align-items: flex-start; margin-bottom: 8px;\"><span style=\"color: #8B7D3C; margin-right: 10px; font-size: 18px; line-height: 1.4;\">\u25c6<\/span><span>Restructuracions empresarials.<\/span><\/li>\n  <li style=\"display: flex; align-items: flex-start; margin-bottom: 8px;\"><span style=\"color: #8B7D3C; margin-right: 10px; font-size: 18px; line-height: 1.4;\">\u25c6<\/span><span>Fusions, adquisicions i escissions d&#8217;empreses.<\/span><\/li>\n  <li style=\"display: flex; align-items: flex-start; margin-bottom: 8px;\"><span style=\"color: #8B7D3C; margin-right: 10px; font-size: 18px; line-height: 1.4;\">\u25c6<\/span><span>Dret d&#8217;assegurances.<\/span><\/li>\n  <li style=\"display: flex; align-items: flex-start; margin-bottom: 8px;\"><span style=\"color: #8B7D3C; margin-right: 10px; font-size: 18px; line-height: 1.4;\">\u25c6<\/span><span>Patents i marques.<\/span><\/li>\n  <li style=\"display: flex; align-items: flex-start; margin-bottom: 8px;\"><span style=\"color: #8B7D3C; margin-right: 10px; font-size: 18px; line-height: 1.4;\">\u25c6<\/span><span>Propietat intel\u00b7lectual.<\/span><\/li>\n  <li style=\"display: flex; align-items: flex-start; margin-bottom: 8px;\"><span style=\"color: #8B7D3C; margin-right: 10px; font-size: 18px; line-height: 1.4;\">\u25c6<\/span><span>Dret de compet\u00e8ncia i compet\u00e8ncia deslleial.<\/span><\/li>\n<\/ul>\t\t\t\t\t\t\t\t<\/div>\n\t\t\t\t<div class=\"elementor-element elementor-element-1ed6d71 elementor-widget elementor-widget-heading\" data-id=\"1ed6d71\" data-element_type=\"widget\" data-e-type=\"widget\" data-widget_type=\"heading.default\">\n\t\t\t\t\t<p class=\"elementor-heading-title elementor-size-default\">Dret Administratiu<\/p>\t\t\t\t<\/div>\n\t\t\t\t<div class=\"elementor-element elementor-element-5077a1ad elementor-widget elementor-widget-text-editor\" data-id=\"5077a1ad\" data-element_type=\"widget\" data-e-type=\"widget\" data-widget_type=\"text-editor.default\">\n\t\t\t\t\t\t\t\t\t<ul style=\"list-style: none; padding: 0; margin: 0;\">\n  <li style=\"display: flex; align-items: flex-start; margin-bottom: 8px;\"><span style=\"color: #8B7D3C; margin-right: 10px; font-size: 18px; line-height: 1.4;\">\u25c6<\/span><span>Reclamacions davant la jurisdicci\u00f3 contenciosa administrativa enfront d&#8217;entitats o administracions p\u00fabliques.<\/span><\/li>\n  <li style=\"display: flex; align-items: flex-start; margin-bottom: 8px;\"><span style=\"color: #8B7D3C; margin-right: 10px; font-size: 18px; line-height: 1.4;\">\u25c6<\/span><span>Recursos en via administrativa.<\/span><\/li>\n  <li style=\"display: flex; align-items: flex-start; margin-bottom: 8px;\"><span style=\"color: #8B7D3C; margin-right: 10px; font-size: 18px; line-height: 1.4;\">\u25c6<\/span><span>Dret sancionador. Infraccions administratives.<\/span><\/li>\n  <li style=\"display: flex; align-items: flex-start; margin-bottom: 8px;\"><span style=\"color: #8B7D3C; margin-right: 10px; font-size: 18px; line-height: 1.4;\">\u25c6<\/span><span>Dret urban\u00edstic.<\/span><\/li>\n  <li style=\"display: flex; align-items: flex-start; margin-bottom: 8px;\"><span style=\"color: #8B7D3C; margin-right: 10px; font-size: 18px; line-height: 1.4;\">\u25c6<\/span><span>Planejament i gesti\u00f3 urban\u00edstics.<\/span><\/li>\n  <li style=\"display: flex; align-items: flex-start; margin-bottom: 8px;\"><span style=\"color: #8B7D3C; margin-right: 10px; font-size: 18px; line-height: 1.4;\">\u25c6<\/span><span>Expropiacions for\u00e7oses.<\/span><\/li>\n  <li style=\"display: flex; align-items: flex-start; margin-bottom: 8px;\"><span style=\"color: #8B7D3C; margin-right: 10px; font-size: 18px; line-height: 1.4;\">\u25c6<\/span><span>Responsabilitat patrimonial de les administracions p\u00fabliques.<\/span><\/li>\n  <li style=\"display: flex; align-items: flex-start; margin-bottom: 8px;\"><span style=\"color: #8B7D3C; margin-right: 10px; font-size: 18px; line-height: 1.4;\">\u25c6<\/span><span>Construcci\u00f3 i contractaci\u00f3 d&#8217;obra p\u00fablica.<\/span><\/li>\n  <li style=\"display: flex; align-items: flex-start; margin-bottom: 8px;\"><span style=\"color: #8B7D3C; margin-right: 10px; font-size: 18px; line-height: 1.4;\">\u25c6<\/span><span>Propietats especials (costes, aig\u00fces, patrimoni hist\u00f2ric, mines, \u2026)<\/span><\/li>\n  <li style=\"display: flex; align-items: flex-start; margin-bottom: 8px;\"><span style=\"color: #8B7D3C; margin-right: 10px; font-size: 18px; line-height: 1.4;\">\u25c6<\/span><span>Sector tur\u00edstic.<\/span><\/li>\n<\/ul>\t\t\t\t\t\t\t\t<\/div>\n\t\t\t\t<div class=\"elementor-element elementor-element-97c6392 elementor-widget elementor-widget-heading\" data-id=\"97c6392\" data-element_type=\"widget\" data-e-type=\"widget\" data-widget_type=\"heading.default\">\n\t\t\t\t\t<p class=\"elementor-heading-title elementor-size-default\">Dret Penal<\/p>\t\t\t\t<\/div>\n\t\t\t\t<div class=\"elementor-element elementor-element-291ec127 elementor-widget elementor-widget-text-editor\" data-id=\"291ec127\" data-element_type=\"widget\" data-e-type=\"widget\" data-widget_type=\"text-editor.default\">\n\t\t\t\t\t\t\t\t\t<ul style=\"list-style: none; padding: 0; margin: 0;\">\n  <li style=\"display: flex; align-items: flex-start; margin-bottom: 8px;\"><span style=\"color: #8B7D3C; margin-right: 10px; font-size: 18px; line-height: 1.4;\">\u25c6<\/span><span>Delictes societaris i econ\u00f2mics.<\/span><\/li>\n  <li style=\"display: flex; align-items: flex-start; margin-bottom: 8px;\"><span style=\"color: #8B7D3C; margin-right: 10px; font-size: 18px; line-height: 1.4;\">\u25c6<\/span><span>Delictes contra el patrimoni (estafa, apropiaci\u00f3 indeguda, etc.).<\/span><\/li>\n  <li style=\"display: flex; align-items: flex-start; margin-bottom: 8px;\"><span style=\"color: #8B7D3C; margin-right: 10px; font-size: 18px; line-height: 1.4;\">\u25c6<\/span><span>Delictes societaris i insolv\u00e8ncies punibles.<\/span><\/li>\n  <li style=\"display: flex; align-items: flex-start; margin-bottom: 8px;\"><span style=\"color: #8B7D3C; margin-right: 10px; font-size: 18px; line-height: 1.4;\">\u25c6<\/span><span>Delictes contra la Hisenda P\u00fablica i la Seguretat Social.<\/span><\/li>\n  <li style=\"display: flex; align-items: flex-start; margin-bottom: 8px;\"><span style=\"color: #8B7D3C; margin-right: 10px; font-size: 18px; line-height: 1.4;\">\u25c6<\/span><span>Delictes contra l&#8217;ordenaci\u00f3 del territori.<\/span><\/li>\n  <li style=\"display: flex; align-items: flex-start; margin-bottom: 8px;\"><span style=\"color: #8B7D3C; margin-right: 10px; font-size: 18px; line-height: 1.4;\">\u25c6<\/span><span>Responsabilitat civil derivada del delicte.<\/span><\/li>\n  <li style=\"display: flex; align-items: flex-start; margin-bottom: 8px;\"><span style=\"color: #8B7D3C; margin-right: 10px; font-size: 18px; line-height: 1.4;\">\u25c6<\/span><span>Delictes de viol\u00e8ncia de g\u00e8nere i trencaments de condemna.<\/span><\/li>\n  <li style=\"display: flex; align-items: flex-start; margin-bottom: 8px;\"><span style=\"color: #8B7D3C; margin-right: 10px; font-size: 18px; line-height: 1.4;\">\u25c6<\/span><span>Delictes per impagaments de pensions.<\/span><\/li>\n  <li style=\"display: flex; align-items: flex-start; margin-bottom: 8px;\"><span style=\"color: #8B7D3C; margin-right: 10px; font-size: 18px; line-height: 1.4;\">\u25c6<\/span><span>Delictes contra la seguretat del tr\u00e0nsit.<\/span><\/li>\n<\/ul>\t\t\t\t\t\t\t\t<\/div>\n\t\t\t\t<div class=\"elementor-element elementor-element-bf7e042 elementor-widget elementor-widget-heading\" data-id=\"bf7e042\" data-element_type=\"widget\" data-e-type=\"widget\" data-widget_type=\"heading.default\">\n\t\t\t\t\t<p class=\"elementor-heading-title elementor-size-default\">Dret Processal i Arbitratge<\/p>\t\t\t\t<\/div>\n\t\t\t\t<div class=\"elementor-element elementor-element-505548ea elementor-widget elementor-widget-text-editor\" data-id=\"505548ea\" data-element_type=\"widget\" data-e-type=\"widget\" data-widget_type=\"text-editor.default\">\n\t\t\t\t\t\t\t\t\t<ul style=\"list-style: none; padding: 0; margin: 0;\">\n  <li style=\"display: flex; align-items: flex-start; margin-bottom: 8px;\"><span style=\"color: #8B7D3C; margin-right: 10px; font-size: 18px; line-height: 1.4;\">\u25c6<\/span><span>Representaci\u00f3 i defensa davant totes les jurisdiccions i inst\u00e0ncies.<\/span><\/li>\n  <li style=\"display: flex; align-items: flex-start; margin-bottom: 8px;\"><span style=\"color: #8B7D3C; margin-right: 10px; font-size: 18px; line-height: 1.4;\">\u25c6<\/span><span>Actuacions davant el Tribunal Constitucional i el Tribunal Suprem.<\/span><\/li>\n  <li style=\"display: flex; align-items: flex-start; margin-bottom: 8px;\"><span style=\"color: #8B7D3C; margin-right: 10px; font-size: 18px; line-height: 1.4;\">\u25c6<\/span><span>Mesures cautelars.<\/span><\/li>\n  <li style=\"display: flex; align-items: flex-start; margin-bottom: 8px;\"><span style=\"color: #8B7D3C; margin-right: 10px; font-size: 18px; line-height: 1.4;\">\u25c6<\/span><span>Execuci\u00f3 de sent\u00e8ncies i laudes.<\/span><\/li>\n  <li style=\"display: flex; align-items: flex-start; margin-bottom: 8px;\"><span style=\"color: #8B7D3C; margin-right: 10px; font-size: 18px; line-height: 1.4;\">\u25c6<\/span><span>Arbitratges, mediacions i conciliacions.<\/span><\/li>\n<\/ul>\t\t\t\t\t\t\t\t<\/div>\n\t\t\t\t<div class=\"elementor-element elementor-element-fe6e5f1 elementor-widget elementor-widget-heading\" data-id=\"fe6e5f1\" data-element_type=\"widget\" data-e-type=\"widget\" data-widget_type=\"heading.default\">\n\t\t\t\t\t<p class=\"elementor-heading-title elementor-size-default\">No Residents<\/p>\t\t\t\t<\/div>\n\t\t\t\t<div class=\"elementor-element elementor-element-3cfd16d elementor-widget elementor-widget-text-editor\" data-id=\"3cfd16d\" data-element_type=\"widget\" data-e-type=\"widget\" data-widget_type=\"text-editor.default\">\n\t\t\t\t\t\t\t\t\t<ul style=\"list-style: none; padding: 0; margin: 0;\">\n  <li style=\"display: flex; align-items: flex-start; margin-bottom: 8px;\"><span style=\"color: #8B7D3C; margin-right: 10px; font-size: 18px; line-height: 1.4;\">\u25c6<\/span><span>Assessorament integral en inversions estrangeres.<\/span><\/li>\n  <li style=\"display: flex; align-items: flex-start; margin-bottom: 8px;\"><span style=\"color: #8B7D3C; margin-right: 10px; font-size: 18px; line-height: 1.4;\">\u25c6<\/span><span>Assessorament integral en compravendes d&#8217;immobles i societats immobili\u00e0ries.<\/span><\/li>\n  <li style=\"display: flex; align-items: flex-start; margin-bottom: 8px;\"><span style=\"color: #8B7D3C; margin-right: 10px; font-size: 18px; line-height: 1.4;\">\u25c6<\/span><span>Constituci\u00f3 i cancel\u00b7laci\u00f3 d&#8217;hipoteques.<\/span><\/li>\n  <li style=\"display: flex; align-items: flex-start; margin-bottom: 8px;\"><span style=\"color: #8B7D3C; margin-right: 10px; font-size: 18px; line-height: 1.4;\">\u25c6<\/span><span>Prevenci\u00f3 del blanqueig de capitals.<\/span><\/li>\n  <li style=\"display: flex; align-items: flex-start; margin-bottom: 8px;\"><span style=\"color: #8B7D3C; margin-right: 10px; font-size: 18px; line-height: 1.4;\">\u25c6<\/span><span>Declaracions tribut\u00e0ries de no residents. IRPF, IS, ISiD.<\/span><\/li>\n<\/ul>\t\t\t\t\t\t\t\t<\/div>\n\t\t\t\t\t<\/div>\n\t\t\t\t<\/div>\n\t\t\t\t<\/div>\n\t\t","protected":false},"excerpt":{"rendered":"<p>Serveis Dret Civil \u25c6Accions de responsabilitat civil contractual i extracontractual. \u25c6Reclamacions de quantitat i desnonaments. \u25c6Recuperacions i gesti\u00f3 de cobrament. \u25c6Validesa, interpretaci\u00f3, execuci\u00f3, resoluci\u00f3 i rescissi\u00f3 de contractes. \u25c6Dret immobiliari, promoci\u00f3 i construcci\u00f3. \u25c6Reclamacions de vicis de la construcci\u00f3. \u25c6Contractes civils i mercantils: compravenda, arrendament, trasp\u00e0s, comercials, d&#8217;ag\u00e8ncia, distribuci\u00f3, franqu\u00edcia. \u25c6Propietat horitzontal. \u25c6Drets reals i [&hellip;]<\/p>\n","protected":false},"author":1,"featured_media":0,"parent":0,"menu_order":0,"comment_status":"closed","ping_status":"closed","template":"","meta":{"_acf_changed":false,"footnotes":""},"class_list":["post-831","page","type-page","status-publish","hentry"],"acf":[],"_links":{"self":[{"href":"https:\/\/www.bufetecontestigarau.com\/ca\/wp-json\/wp\/v2\/pages\/831","targetHints":{"allow":["GET"]}}],"collection":[{"href":"https:\/\/www.bufetecontestigarau.com\/ca\/wp-json\/wp\/v2\/pages"}],"about":[{"href":"https:\/\/www.bufetecontestigarau.com\/ca\/wp-json\/wp\/v2\/types\/page"}],"author":[{"embeddable":true,"href":"https:\/\/www.bufetecontestigarau.com\/ca\/wp-json\/wp\/v2\/users\/1"}],"replies":[{"embeddable":true,"href":"https:\/\/www.bufetecontestigarau.com\/ca\/wp-json\/wp\/v2\/comments?post=831"}],"version-history":[{"count":1,"href":"https:\/\/www.bufetecontestigarau.com\/ca\/wp-json\/wp\/v2\/pages\/831\/revisions"}],"predecessor-version":[{"id":832,"href":"https:\/\/www.bufetecontestigarau.com\/ca\/wp-json\/wp\/v2\/pages\/831\/revisions\/832"}],"wp:attachment":[{"href":"https:\/\/www.bufetecontestigarau.com\/ca\/wp-json\/wp\/v2\/media?parent=831"}],"curies":[{"name":"wp","href":"https:\/\/api.w.org\/{rel}","templated":true}]}}